{"version":"1.0","provider_name":"Aj\u00e1nl\u00f3 honlap - PR","provider_url":"https:\/\/honlap.cafeblog.hu","author_name":"K\u00e1rp\u00e1ty Zolt\u00e1n","author_url":"https:\/\/honlap.cafeblog.hu\/author\/karpatynewsgmail-com\/","title":"Eur\u00f3pa v\u00edzi\u00f3ja. Baloldalis\u00e1g \u00e9s jobboldalis\u00e1g","html":"<h2>Az Eurov\u00edzi\u00f3s dalfesztiv\u00e1l \u00e9s a transznem\u0171ek<\/h2>\r\n<p>Beavatott k\u00e1rp\u00e1taljai pir\u00e9zk\u00e9nt kifejezetten \u00f6r\u00fcl\u00f6k mindezeknek \u00e9s kaj\u00e1nul kicsit <br \/>mulatok is azon, hogy tegnap az \u00f6reg Eur\u00f3pa t\u00f6rt kev\u00e9ske borsot azok orra al\u00e1, <br \/>akik a nemzeti identit\u00e1st faji alapon kezelik \u00e9s a nemi identit\u00e1s ter\u00e9n <br \/>hajlamosak betegesnek gondolni azt, ami pedig term\u00e9szetes. Minderr\u0151l b\u0151vebben a pir\u00e9zblogban:<br \/><br \/><a href=\"http:\/\/blog.k%C3%A1rp%C3%A1talja.net\/europa-vizioja\/\">Eur\u00f3pa v\u00edzi\u00f3ja<\/a><\/p>\r\n<h2>Baloldalis\u00e1g \u00e9s jobboldalis\u00e1g mibenl\u00e9te<\/h2>\r\n<p>Internetes bar\u00e1tom mai k\u00f6rlevel\u00e9ben azt k\u00e9rte n\u00e9h\u00e1nyunkt\u00f3l, hat\u00e1rozzuk meg a baloldalis\u00e1g \u00e9s jobboldalis\u00e1g mibenl\u00e9t\u00e9t. El\u0151bb ki akartam t\u00e9rni el\u0151le, mondv\u00e1n, se polito-, se m\u00e1s -l\u00f3gus nem vagyok; azt\u00e1n m\u00e9gis el\u00e9g hosszan j\u00e1rtam k\u00f6r\u00fcl a k\u00e9t fogalmat. Holnapi napl\u00f3mban k\u00f6zre is adom.<\/p>\r\n<p>\u201e[...] Nyilv\u00e1n l\u00e9teznek egyfel\u0151l pontos ideol\u00f3giai, t\u00f6rt\u00e9nelmi-kultur\u00e1lis, szociol\u00f3giai, politikai \u00e9s gazdas\u00e1gtani krit\u00e9riumok, amelyeket \u00e9n nem ismerek el\u00e9gg\u00e9, de amelyek alapj\u00e1n nagyj\u00e1b\u00f3l lehet tudni, mi \u00e9s hogy, m\u00e1sfel\u0151l meg vannak a szubjekt\u00edv \u00e9rz\u00e9kel\u00e9sek-v\u00e9leked\u00e9sek, amelyek a szem\u00e9lyes \u00e9rt\u00e9k\u00edt\u00e9leteken alapulnak. Az el\u0151bbi (ideol\u00f3giai stb.) aspektusok szerinti meg\u00edt\u00e9lhet\u0151s\u00e9gek azonban keverednek \u00e9s \u00e1tfed\u0151dnek egym\u00e1ssal, majd az ut\u00f3bbiak szerint szem\u00e9lyes elb\u00edr\u00e1l\u00e1s al\u00e1 esnek, \u00edgy azt\u00e1n egy sokn\u00e9z\u0151pont\u00fa komlex k\u00e9p\u00fcnk alakul ki arr\u00f3l, mit sorolunk balra \u00e9s mit jobbra. Ek\u00f6zben ami ideol\u00f3giailag jobbos, az gazdas\u00e1gilag lehet balos, ami napi politik\u00e1ban balos, szociol\u00f3giai k\u00f6vetkezm\u00e9nyeiben lehet jobbos, stb. \u2013 \u00e9s ford\u00edtva is. \u00d6sszemos\u00f3dik az elvi \u00e9s a gyakorlati szint is. Ilyesmi a mai rendszerv\u00e1lt\u00f3 Magyarorsz\u00e1gon nem ritkas\u00e1g \u2013 nyilv\u00e1n mindenki tud p\u00e9ld\u00e1kat mondani.<\/p>\r\n<p>Hogy \u00e9n is mondjak. A mag\u00e1ntulajdon prefer\u00e1l\u00e1sa a kollekt\u00edvval szemben jobbos valami, a liber\u00e1lis gazdas\u00e1gpolitika ok\u00e1n azonban a kapitaliz\u00e1ci\u00f3nak m\u00e9gis a baloldali p\u00e1rtok a sz\u00f3sz\u00f3l\u00f3i; a \u201en\u00e9pis\u00e9g\u201d eszm\u00e9je meg balos eredet\u0171 \u00e9s l\u00e9nyeg\u0171, de a \u201enemzeti gondolkod\u00e1s\u201d r\u00e1helyez\u0151d\u00e9s\u00e9vel m\u00e9gis a jobboldali p\u00e1rtok legf\u0151bb hivatkoz\u00e1si alapj\u00e1v\u00e1 v\u00e1lt (\u00e9s itt ne is eml\u00edtsem a \u201en\u00e9pi\u201d \u00edr\u00f3kat, akiknek a baloldalon lenne a hely\u00fck, m\u00e9gis a jobbon tal\u00e1ljuk \u0151ket); a forradalmis\u00e1got meg balos radik\u00e1lis magatart\u00e1snak tartjuk, a forradalom eszm\u00e9j\u00e9t a gyakorlatban k\u00e9t \u00e9ve m\u00e9gis a jobboldal hordozta a mell\u00e9n h\u00f3napokig kok\u00e1rda form\u00e1j\u00e1ban; stb.<\/p>\r\n<p>Minderre m\u00e9g r\u00e1rak\u00f3dnak a konzervat\u00edv kontra <a href=\"https:\/\/liberall.hu\/liberalizmus\/\" target=\"_blank\" rel=\"noopener\">liber\u00e1lis-halad\u00f3<\/a>, a szakr\u00e1lis kontra szekulariz\u00e1lt, a nemzeti kontra kozmopolita ellent\u00e9tek. Ezeknek \u00e1ltal\u00e1ban egyik p\u00f3lus\u00e1t ink\u00e1bb balosnak, m\u00e1sik\u00e1t ink\u00e1bb jobbosnak \u00e9rezz\u00fck, de ugye ismer\u00fcnk konzervat\u00edv liber\u00e1lisokat, nemzeti \u00e9rzelm\u0171 ateist\u00e1kat, m\u00e9lyen vall\u00e1sos kozmopolit\u00e1kat, szocdem nagyt\u0151k\u00e9seket stb. \u201e\u00dagy \u00e1ltal\u00e1ban\u201d az\u00e9rt mindig tudjuk-\u00e9rezz\u00fck egy p\u00e1rtr\u00f3l, politikusr\u00f3l, tendenci\u00e1r\u00f3l, jelens\u00e9gr\u0151l, hogy hov\u00e1 soroljuk. A szeg\u00e9nyeknek a j\u00f3m\u00f3d\u00faak rov\u00e1s\u00e1ra t\u00f6rt\u00e9n\u0151 t\u00e1mogat\u00e1s\u00e1t akkor is baloldalinak gondoln\u00e1nk, ha konzervat\u00edv polg\u00e1ri p\u00e1rt hajtan\u00e1 v\u00e9gre, az \u00e1llamvall\u00e1s bevezet\u00e9s\u00e9t pedig akkor is jobbosnak, ha a szocialista p\u00e1rt eln\u00f6ke hirdetn\u00e9 ki. De hogy milyen furcsas\u00e1gok ad\u00f3dnak, megmutatkozik pl. abban, hogy az eur\u00f3pai csatlakoz\u00e1st mindk\u00e9t sz\u00e9ls\u0151s\u00e9g elutas\u00edtja, b\u00e1r m\u00e1s okb\u00f3l, egyik ink\u00e1bb a munk\u00e1soszt\u00e1ly m\u00e9g nagyobb kizs\u00e1km\u00e1nyol\u00e1s\u00e1t\u00f3l, a m\u00e1sik a nemzeti jelleg elveszt\u00e9s\u00e9t\u0151l tart. Vannak m\u00e1s zavarba ejt\u0151 dolgok is, p\u00e9ld\u00e1ul hogy a Fidesz bolsevik mint\u00e1ra szervezi polg\u00e1ri seg\u00e9dcsapait, az MSZP pedig, \u00fagy t\u0171nik, kev\u00e9sb\u00e9 h\u00edve a demokratikus centralizmusnak, mint az SZDSZ \u00e9s a Fidesz. Amikor meg azt hallom jobbr\u00f3l, hogy az abortuszt be kellene tiltani, akkor az\u00e9rt a kommunista Ratk\u00f3 Anna csak eszembe jut\u2026\u201d<\/p>","type":"rich"}