{"version":"1.0","provider_name":"Aj\u00e1nl\u00f3 honlap - PR","provider_url":"https:\/\/honlap.cafeblog.hu","author_name":"K\u00e1rp\u00e1ty Zolt\u00e1n","author_url":"https:\/\/honlap.cafeblog.hu\/author\/karpatynewsgmail-com\/","title":"C\u00edmk\u00e9z\u0151 magyarok: a mi Pistik\u00e9nk","html":"[caption id=\"attachment_849\" align=\"alignright\" width=\"224\"]<img class=\"wp-image-849 size-full\" src=\"https:\/\/honlap.cafeblog.hu\/files\/2013\/04\/cimkezo-gep.jpg\" alt=\"C\u00edmk\u00e9z\u0151 magyarok\" width=\"224\" height=\"203\" \/> magyar c\u00edmk\u00e9z\u0151g\u00e9p :)[\/caption]\r\n<h2>Cikkaj\u00e1nl\u00f3: UngParty.Net<\/h2>\r\n<p>Balla D. K\u00e1roly dohog\u00f3 blogbejegyz\u00e9se:<\/p>\r\n<h3><a href=\"http:\/\/ungparty.net\/blog\/2013\/03\/28\/cimkezo-magyarok\/\">C\u00edmk\u00e9z\u0151 magyarok magyarul besz\u00e9lnek<\/a><\/h3>\r\n<p>Nem v\u00e1rt (vagy nagyon is v\u00e1rt?) reakci\u00f3kat v\u00e1ltott ki minapi bejegyz\u00e9sem, amelyben egy szerintem igen ostoba \u00e9s a k\u00e1rp\u00e1taljai magyars\u00e1g \u00fcgy\u00e9nek ink\u00e1bb \u00e1rt\u00f3, mintsem haszn\u00e1l\u00f3 \u00f6tletet b\u00edr\u00e1ltam meglehet\u0151sen keresetlen szavakkal, ehol: <a href=\"http:\/\/ungparty.net\/blog\/2013\/03\/25\/netto-baromsag\/\">Nett\u00f3 baroms\u00e1g \u2013 Itt Magyarul Is<\/a>. Az egyik reakci\u00f3 mag\u00e1t\u00f3l az \u00f6tletgazd\u00e1t\u00f3l \u00e9rkezett szem\u00e9lyes, bar\u00e1ti hang\u00fa e-mail form\u00e1j\u00e1ban. M\u00e1r a m\u00e1sodik sor elolvas\u00e1sa ut\u00e1n arra gondoltam, milyen j\u00f3, hogy ebben az \u00fcgyben \u00e9rdemi vita alakulhat ki, azonnal odat\u0171z\u00f6m az \u00f6tletgazda level\u00e9t a cikkecsk\u00e9m mell\u00e9, hadd l\u00e1ssa az olvas\u00f3 az ellenv\u00e9lem\u00e9nyt is. \u00c1m a lev\u00e9l v\u00e9g\u00e9n ott \u00e1llt, hogy <em>\u00edr\u00f3ja nem j\u00e1rul hozz\u00e1 levele publik\u00e1l\u00e1s\u00e1hoz<\/em>. Ezt tiszteletben illett tartanom, \u00edgy tal\u00e1n a levelez\u00e9s\u00fcnkre utalni sem eg\u00e9szen ill\u0151 dolog (m\u00e9g 2 \u00fczenetet v\u00e1ltottunk), ez\u00e9rt f\u00e9lve \u00edrom csak ide, hogy \u00e9rveink nem az \u00f6tlet t\u00e1rsadalmi vagy nyelvi vonatkoz\u00e1sai k\u00f6r\u00fcl csoportosultak, hanem az anyagi h\u00e1tt\u00e9r tisztas\u00e1g\u00e1r\u00f3l vagy tiszt\u00e1talans\u00e1g\u00e1r\u00f3l esett a legt\u00f6bb sz\u00f3. K\u00e9szs\u00e9ggel elhittem, hogy az \u00f6tlet m\u00f6g\u00f6tt kital\u00e1l\u00f3ja r\u00e9sz\u00e9r\u0151l nem \u00e1llt k\u00f6zvetlen anyagi \u00e9rdek, \u00e1m tudva, hogy milyen p\u00e9nz\u00fcgyi infrastrukt\u00far\u00e1ba \u00e1gyaz\u00f3dik bele, ezt m\u00e9gis le kell \u00edrnom (saj\u00e1t levelemb\u0151l tal\u00e1n id\u00e9zhetek):<\/p>\r\n<blockquote>\r\n<div style=\"text-align: justify\">\u2026elhiszem, hogy te ezt \u00edgy l\u00e1tod \u00e9s \u00edgy \u00e9led meg, ak\u00e1r m\u00e9g azt is, hogy r\u00e9szedr\u0151l ez \u00edgy van. Kicsiben. De a nagyobb eg\u00e9sznek a mor\u00e1lja eg\u00e9szen m\u00e1smilyen, ide a rozsd\u00e1s b\u00f6k\u0151t, hogy amivel te minden nap dolgozol \u00e9s amivel fill\u00e9rre elsz\u00e1molsz, az valahol egy \u00f6sszes\u00edtett k\u00f6lts\u00e9gvet\u00e9sben m\u00e1r eg\u00e9szen m\u00e1snak mutatja mag\u00e1t. A t\u00e1mogat\u00e1si rendszer velej\u00e9ig romlott, \u00e9s nem csup\u00e1n a p\u00e9nzmozg\u00e1sok, hanem demoraliz\u00e1l\u00f3 hat\u00e1sa miatt is. (\u2026) Pontosan l\u00e1tom, hogyan dar\u00e1l be \u00fcgyeket \u00e9s embereket a KMKSZ-F\u0151iskola, hogyan alak\u00edtja ki a f\u00fcggelmi viszonyokat \u00e9s hogyan \u00e1ll\u00edtja saj\u00e1t szolg\u00e1lat\u00e1ba az \u00e9rdekelts\u00e9gi k\u00f6r\u00e9be bevontakat \u2013 \u00e9s hogyan k\u00f6vetel t\u0151l\u00fck h\u0171s\u00e9get, hogyan nyomja el a kritik\u00e1t \u00e9s hogyan nyomor\u00edtja megalkuv\u00f3kk\u00e1, meghasonlottakk\u00e1 azokat, akik szabadok is lehetn\u00e9nek. (\u2026) Ett\u0151l teljesen f\u00fcggetlen\u00fcl: az alapj\u00e1n, amit a cikkb\u0151l ki tudtam olvasni: IMI m\u00e9lyen elhib\u00e1zott \u00f6tlet. A magyars\u00e1ggyakorl\u00e1s nem kamp\u00e1nyk\u00e9rd\u00e9s, <em>a forradalom \u00e1ltal<\/em> kiv\u00edvni sz\u00e1nd\u00e9kozott szabads\u00e1g eml\u00e9knapj\u00e1n egy ilyen c\u00edmk\u00e9z\u0151sdit meghirdetni \u2013 sz\u00e1momra viszolyogtat\u00f3. Csak ellentmond\u00e1st l\u00e1tok benne, \u00e9rtelmet nem. Roppant vissz\u00e1s \u00e9s visszatetsz\u0151 mind az alapgondolat, mind az elk\u00e9pzelt v\u00e9grehajt\u00e1s. Szerintem \u00e1rt a magyars\u00e1g \u00fcgy\u00e9nek. Pl\u00e1ne ott \u00e9s akkor, amikor eg\u00e9szen m\u00e1s term\u00e9szet\u0171 \u00e9s sokkal fontosabb dolgokon t\u00fall\u00e9pni nem siker\u00fcl. Ha meg r\u00e1ad\u00e1sul egy ilyen k\u00e1ros \u00f6tlet a KMKSZ \u00e9s F\u0151iskola m\u00e9lyen amor\u00e1lis szellemi h\u00e1ttere el\u0151tt jelenik meg, akkor az \u00e9n virtu\u00e1lis bicsk\u00e1m bizony kiny\u00edlik a zsebemben.<\/div>\r\n<\/blockquote>\r\n<div style=\"text-align: justify\">A m\u00e1sik reakci\u00f3 enn\u00e9l \u00e9lesebb, b\u00e1r sokkal jelent\u00e9ktelenebb volt. Egy m\u00e1sik blogomban \u00edrtam err\u0151l, az egyszer\u0171s\u00e9g kedv\u00e9\u00e9rt idet\u0171z\u00f6m az az\u00f3ta egy friss\u00edt\u00e9ssel is b\u0151v\u00fclt bejegyz\u00e9st:<\/div>\r\n<h1 style=\"text-align: justify\">\u201e<\/h1>\r\n<h3>Dupla id\u00e9z\u0151jelben avagy<\/h3>\r\n<h1>a mi magyar Pistik\u00e9nk<\/h1>\r\n<div style=\"text-align: justify\">M\u00e1r ideje volt, hogy valamivel \u00fajra kiv\u00e1ltsam azok d\u00fch\u00e9t, akik a magyars\u00e1gukat a K\u00e1rp\u00e1tia egy\u00fcttes sz\u00f6vegeinek a szintj\u00e9n vagy kicsivel az alatt gyakorolj\u00e1k. Sz\u00f3v\u00e1 tettem egy szerintem ostoba \u00f6tletet \u2013 itt olvashat\u00f3: Nett\u00f3 baroms\u00e1g \u2013 , gyan\u00edtv\u00e1n, hogy eff\u00e9le mozgalom K\u00e1rp\u00e1talj\u00e1n csak azok \u00e9rdek\u00e9t szolg\u00e1lja, akik anyagi megfontol\u00e1sb\u00f3l r\u00e1cuppantak. Kaptam n\u00e9h\u00e1ny pozit\u00edv reag\u00e1l\u00e1st, azt\u00e1n viszont a jeles csapi \u00fajs\u00e1g\u00edr\u00f3 koll\u00e9ga e nemes szavakkal illetett saj\u00e1t Facebook-megoszt\u00e1somn\u00e1l:<\/div>\r\n<div><a href=\"https:\/\/honlap.cafeblog.hu\/files\/2013\/04\/palko1-2.jpg\"><img class=\"aligncenter\" style=\"border: 0px none\" src=\"https:\/\/honlap.cafeblog.hu\/files\/2013\/04\/palko1-2.jpg\" alt=\"\" width=\"515\" height=\"50\" border=\"0\" \/><\/a><\/div>\r\n<div style=\"text-align: justify\">Ugye, milyen b\u00f6lcs \u00e9s milyen kedves. (A kok\u00e1rd\u00e1s utal\u00e1s arra c\u00e9loz, hogy Ungv\u00e1ron magyarorsz\u00e1gi iskol\u00e1sok mell\u00e9r\u0151l let\u00e9pt\u00e9k a kok\u00e1rd\u00e1t d\u00fch\u00f6dt ukr\u00e1n nacionalist\u00e1k \u2013 nos, a csapi koll\u00e9ga engem \u0151vel\u00fck azonos\u00edt.) Saj\u00e1t id\u0151vonal\u00e1n pedig az itt l\u00e1that\u00f3 m\u00f3don, dupla id\u00e9z\u0151jelbe t\u00e9ve k\u00e9rd\u0151jelezte meg magyars\u00e1gomat:<\/div>\r\n<div><a href=\"https:\/\/honlap.cafeblog.hu\/files\/2013\/04\/palko-2.jpg\"><img class=\"aligncenter\" style=\"border: 0px none\" src=\"https:\/\/honlap.cafeblog.hu\/files\/2013\/04\/palko-2.jpg\" alt=\"\" width=\"502\" height=\"186\" border=\"0\" \/><\/a><\/div>\r\n<div style=\"text-align: justify\">Ezek olvast\u00e1n persze lehetne mondani, hogy ha az ilyenf\u00e9l\u00e9k magyarnak gondolj\u00e1k magukat, akkor \u00e9n ink\u00e1bb nem vagyok az, most m\u00e9gis ink\u00e1bb azt ism\u00e9tlem meg, amit Ungv\u00e1ry Rudolf mondott egy felsz\u00f3lal\u00e1s\u00e1ban:<\/div>\r\n<h2>A kurva anyj\u00e1t mindenkinek,\u00a0aki a magyars\u00e1gomat elvitatja!<\/h2>\r\n<div style=\"text-align: justify\"><i><b>Friss\u00edt\u00e9s:<\/b><\/i> Ut\u00f3bb, hogy mindenki sz\u00e1m\u00e1ra m\u00e9g \u00e9rthet\u0151bb legyen,\u00a0 saj\u00e1t megoszt\u00e1s\u00e1t \u00edgy komment\u00e1lta:<\/div>\r\n<div><a href=\"https:\/\/honlap.cafeblog.hu\/files\/2013\/04\/Snap6-2.jpg\"><img class=\"aligncenter\" style=\"border: 0px none\" src=\"https:\/\/honlap.cafeblog.hu\/files\/2013\/04\/Snap6-2.jpg\" alt=\"\" width=\"473\" height=\"84\" border=\"0\" \/><\/a><\/div>\r\n<h1 style=\"text-align: right\">\u201c<\/h1>\r\n<div style=\"text-align: justify\">Mindez sz\u00e1momra el\u00e9gg\u00e9 p\u00e9lda\u00e9rt\u00e9k\u0171. Merthogy itt nem csup\u00e1n a piti\u00e1ner, figyelemre voltak\u00e9pp nem is m\u00e9lt\u00f3 Palk\u00f3 Istv\u00e1n mag\u00e1nv\u00e9lem\u00e9ny\u00e9r\u0151l van sz\u00f3, nem csup\u00e1n arr\u00f3l, hogy az \u0151 fej\u00e9ben miv\u00e9 \u00e1llnak \u00f6ssze a dolgok. Hanem arr\u00f3l, bizony, hogy <strong><em>\u00cdgy c\u00edmk\u00e9z\u00fcnk mi: ki a magyar \u00e9s ki csak id\u00e9z\u0151jelben az.<\/em><\/strong>\u00a0Nem k\u00e9ts\u00e9ges, mire c\u00e9loz ezzel a mi Pistik\u00e9nk. T\u00f6bbek k\u00f6z\u00f6tt ez mutatja a legjobban, mi az eredeti c\u00edmk\u00e9z\u0151 \u00f6tlet legnagyobb h\u00e1tul\u00fct\u0151je.<\/div>\r\n<div>\u00a0<\/div>\r\n<div style=\"text-align: justify\">\r\n[caption id=\"\" align=\"alignright\" width=\"199\"]<img class=\"\" src=\"https:\/\/honlap.cafeblog.hu\/files\/2013\/04\/imi1-2.jpg\" alt=\"Itt magyarul is besz\u00e9lnek\" width=\"199\" height=\"99\" \/> Itt magyarul is c\u00edmk\u00e9znek[\/caption]\r\nEzek ut\u00e1n m\u00e1r csak egy k\u00e9telyem van: huszon\u00f6t magyar k\u00f6nyv szerz\u0151jek\u00e9nt \u00e9n vajon kaphatok-e a homlokomra egy sz\u00e9p nagy IMI-vinyett\u00e1t.<\/div>\r\n<div>\u00a0<\/div>\r\n<div>Ad: <a href=\"http:\/\/xn--krptalja-8yac.net\/\">k\u00e1rp\u00e1taljai magyarok<\/a><\/div>","type":"rich"}